{"id":7398,"date":"2025-01-29T02:50:37","date_gmt":"2025-01-29T02:50:37","guid":{"rendered":"http:\/\/agroecology.tourskuelap.org\/?page_id=7398"},"modified":"2026-08-24T21:48:55","modified_gmt":"2026-08-24T21:48:55","slug":"la-libertad-3","status":"publish","type":"page","link":"https:\/\/agroecologicos-amazonas.com\/proyecto-fund\/la-libertad-3\/","title":{"rendered":"La Libertad"},"content":{"rendered":"\t\t<div data-elementor-type=\"wp-page\" data-elementor-id=\"7398\" class=\"elementor elementor-7398\" data-elementor-post-type=\"page\">\n\t\t\t\t\t\t<section class=\"elementor-section elementor-top-section elementor-element elementor-element-5c8774e elementor-section-boxed elementor-section-height-default elementor-section-height-default\" data-id=\"5c8774e\" data-element_type=\"section\">\n\t\t\t\t\t\t<div class=\"elementor-container elementor-column-gap-default\">\n\t\t\t\t\t<div class=\"elementor-column elementor-col-100 elementor-top-column elementor-element elementor-element-49c7051\" data-id=\"49c7051\" data-element_type=\"column\">\n\t\t\t<div class=\"elementor-widget-wrap elementor-element-populated\">\n\t\t\t\t\t\t<div class=\"elementor-element elementor-element-b82e816 elementor-widget elementor-widget-heading\" data-id=\"b82e816\" data-element_type=\"widget\" data-widget_type=\"heading.default\">\n\t\t\t\t<div class=\"elementor-widget-container\">\n\t\t\t\t\t<h2 class=\"elementor-heading-title elementor-size-default\">Actividades en la provincia Vir\u00fa - La Libertad<\/h2>\t\t\t\t<\/div>\n\t\t\t\t<\/div>\n\t\t\t\t\t<\/div>\n\t\t<\/div>\n\t\t\t\t\t<\/div>\n\t\t<\/section>\n\t\t\t\t<section class=\"elementor-section elementor-top-section elementor-element elementor-element-1722f35 elementor-section-boxed elementor-section-height-default elementor-section-height-default\" data-id=\"1722f35\" data-element_type=\"section\">\n\t\t\t\t\t\t<div class=\"elementor-container elementor-column-gap-default\">\n\t\t\t\t\t<div class=\"elementor-column elementor-col-100 elementor-top-column elementor-element elementor-element-fdcae88\" data-id=\"fdcae88\" data-element_type=\"column\">\n\t\t\t<div class=\"elementor-widget-wrap elementor-element-populated\">\n\t\t\t\t\t\t<div class=\"elementor-element elementor-element-678a7ca elementor-widget elementor-widget-text-editor\" data-id=\"678a7ca\" data-element_type=\"widget\" data-widget_type=\"text-editor.default\">\n\t\t\t\t<div class=\"elementor-widget-container\">\n\t\t\t\t\t\t\t\t\t<p>\u00a0Se instal\u00f3 1 escuela de campo ECAs\u00a0 en Vir\u00fa con 5 organizaciones territoriales en la produccion de palto y maracuy\u00e1.<\/p><ol><li><strong>\u00a0PRODUCCI\u00d3N:<\/strong> 6 talleres sobre maracuy\u00e1 y palto (diagnostico, Fertilidad de suelos,\u00a0 control sanidad,\u00a0 post).<\/li><li><strong>LIDERAZGO:<\/strong> Habilidades en comunicaci\u00f3n Y liderazgo organizativo.<\/li><li><strong>TRASNFORMACI\u00d3N:<\/strong>\u00a0 Elaboraci\u00f3n de panes, emprendimiento de negocio.<\/li><\/ol>\t\t\t\t\t\t\t\t<\/div>\n\t\t\t\t<\/div>\n\t\t\t\t\t<\/div>\n\t\t<\/div>\n\t\t\t\t\t<\/div>\n\t\t<\/section>\n\t\t\t\t<section class=\"elementor-section elementor-top-section elementor-element elementor-element-0f211f1 elementor-section-boxed elementor-section-height-default elementor-section-height-default\" data-id=\"0f211f1\" data-element_type=\"section\">\n\t\t\t\t\t\t<div class=\"elementor-container elementor-column-gap-default\">\n\t\t\t\t\t<div class=\"elementor-column elementor-col-100 elementor-top-column elementor-element elementor-element-e37965b\" data-id=\"e37965b\" data-element_type=\"column\">\n\t\t\t<div class=\"elementor-widget-wrap elementor-element-populated\">\n\t\t\t\t\t\t<div class=\"elementor-element elementor-element-809030b elementor-widget elementor-widget-image\" data-id=\"809030b\" data-element_type=\"widget\" data-widget_type=\"image.default\">\n\t\t\t\t<div class=\"elementor-widget-container\">\n\t\t\t\t\t\t\t\t\t\t\t\t<figure class=\"wp-caption\">\n\t\t\t\t\t\t\t\t\t\t<img fetchpriority=\"high\" decoding=\"async\" width=\"688\" height=\"544\" src=\"https:\/\/agroecologicos-amazonas.com\/proyecto-fund\/wp-content\/uploads\/2026\/08\/eca-viru.png\" class=\"attachment-medium_large size-medium_large wp-image-7852\" alt=\"\" srcset=\"https:\/\/agroecologicos-amazonas.com\/proyecto-fund\/wp-content\/uploads\/2026\/08\/eca-viru.png 688w, https:\/\/agroecologicos-amazonas.com\/proyecto-fund\/wp-content\/uploads\/2026\/08\/eca-viru-500x395.png 500w, https:\/\/agroecologicos-amazonas.com\/proyecto-fund\/wp-content\/uploads\/2026\/08\/eca-viru-300x237.png 300w, https:\/\/agroecologicos-amazonas.com\/proyecto-fund\/wp-content\/uploads\/2026\/08\/eca-viru-95x75.png 95w, https:\/\/agroecologicos-amazonas.com\/proyecto-fund\/wp-content\/uploads\/2026\/08\/eca-viru-480x380.png 480w\" sizes=\"(max-width:767px) 480px, 688px\" \/>\t\t\t\t\t\t\t\t\t\t\t<figcaption class=\"widget-image-caption wp-caption-text\">  40 familias de 4 organizaciones participaron activamente.<\/figcaption>\n\t\t\t\t\t\t\t\t\t\t<\/figure>\n\t\t\t\t\t\t\t\t\t<\/div>\n\t\t\t\t<\/div>\n\t\t\t\t\t<\/div>\n\t\t<\/div>\n\t\t\t\t\t<\/div>\n\t\t<\/section>\n\t\t\t\t<section class=\"elementor-section elementor-top-section elementor-element elementor-element-69eb143 elementor-section-boxed elementor-section-height-default elementor-section-height-default\" data-id=\"69eb143\" data-element_type=\"section\">\n\t\t\t\t\t\t<div class=\"elementor-container elementor-column-gap-default\">\n\t\t\t\t\t<div class=\"elementor-column elementor-col-100 elementor-top-column elementor-element elementor-element-98119ab\" data-id=\"98119ab\" data-element_type=\"column\">\n\t\t\t<div class=\"elementor-widget-wrap elementor-element-populated\">\n\t\t\t\t\t\t<div class=\"elementor-element elementor-element-dbe57c2 elementor-widget elementor-widget-heading\" data-id=\"dbe57c2\" data-element_type=\"widget\" data-widget_type=\"heading.default\">\n\t\t\t\t<div class=\"elementor-widget-container\">\n\t\t\t\t\t<h3 class=\"elementor-heading-title elementor-size-default\">Cooperativa Agraria el Sembrador Vir\u00fa Huancaquito\n<\/h3>\t\t\t\t<\/div>\n\t\t\t\t<\/div>\n\t\t\t\t\t<\/div>\n\t\t<\/div>\n\t\t\t\t\t<\/div>\n\t\t<\/section>\n\t\t\t\t<section class=\"elementor-section elementor-top-section elementor-element elementor-element-e29e3e4 elementor-section-boxed elementor-section-height-default elementor-section-height-default\" data-id=\"e29e3e4\" data-element_type=\"section\">\n\t\t\t\t\t\t<div class=\"elementor-container elementor-column-gap-default\">\n\t\t\t\t\t<div class=\"elementor-column elementor-col-100 elementor-top-column elementor-element elementor-element-369c5b3\" data-id=\"369c5b3\" data-element_type=\"column\">\n\t\t\t<div class=\"elementor-widget-wrap elementor-element-populated\">\n\t\t\t\t\t\t<div class=\"elementor-element elementor-element-e6ef08c elementor-widget elementor-widget-text-editor\" data-id=\"e6ef08c\" data-element_type=\"widget\" data-widget_type=\"text-editor.default\">\n\t\t\t\t<div class=\"elementor-widget-container\">\n\t\t\t\t\t\t\t\t\t<p class=\"isSelectedEnd\">En el distrito de Vir\u00fa, sector Huancaquito, la Cooperativa Agraria \u201cEl Sembrador\u201d agrupa a 35 peque\u00f1os productores dedicados al cultivo de maracuy\u00e1. Actualmente, producen una variedad mejorada que conserva las cualidades organol\u00e9pticas de la variedad criolla. La organizaci\u00f3n se encuentra en un proceso de transici\u00f3n y fortalecimiento orientado a su incorporaci\u00f3n y posicionamiento en mercados m\u00e1s competitivos.<\/p><p>En el marco del proyecto, se desarrollaron cuatro talleres de capacitaci\u00f3n bajo la metodolog\u00eda de Escuelas de Campo para Agricultores (ECA), enfocados en los cultivos de maracuy\u00e1 y palto. Las capacitaciones estuvieron a cargo de especialistas en producci\u00f3n agroecol\u00f3gica y abordaron temas como el manejo de plagas y enfermedades, la salud y manejo sostenible de los suelos y las t\u00e9cnicas adecuadas de poda.<\/p>\t\t\t\t\t\t\t\t<\/div>\n\t\t\t\t<\/div>\n\t\t\t\t\t<\/div>\n\t\t<\/div>\n\t\t\t\t\t<\/div>\n\t\t<\/section>\n\t\t\t\t<section class=\"elementor-section elementor-top-section elementor-element elementor-element-39ec399 elementor-section-boxed elementor-section-height-default elementor-section-height-default\" data-id=\"39ec399\" data-element_type=\"section\">\n\t\t\t\t\t\t<div class=\"elementor-container elementor-column-gap-default\">\n\t\t\t\t\t<div class=\"elementor-column elementor-col-100 elementor-top-column elementor-element elementor-element-d1350e5\" data-id=\"d1350e5\" data-element_type=\"column\">\n\t\t\t<div class=\"elementor-widget-wrap elementor-element-populated\">\n\t\t\t\t\t\t<div class=\"elementor-element elementor-element-c81a090 elementor-widget elementor-widget-heading\" data-id=\"c81a090\" data-element_type=\"widget\" data-widget_type=\"heading.default\">\n\t\t\t\t<div class=\"elementor-widget-container\">\n\t\t\t\t\t<h3 class=\"elementor-heading-title elementor-size-default\">Galeria fotogr\u00e1fica<\/h3>\t\t\t\t<\/div>\n\t\t\t\t<\/div>\n\t\t\t\t\t<\/div>\n\t\t<\/div>\n\t\t\t\t\t<\/div>\n\t\t<\/section>\n\t\t\t\t<section class=\"elementor-section elementor-top-section elementor-element elementor-element-e42becc elementor-section-boxed elementor-section-height-default elementor-section-height-default\" data-id=\"e42becc\" data-element_type=\"section\">\n\t\t\t\t\t\t<div class=\"elementor-container elementor-column-gap-default\">\n\t\t\t\t\t<div class=\"elementor-column elementor-col-100 elementor-top-column elementor-element elementor-element-bbc2376\" data-id=\"bbc2376\" data-element_type=\"column\">\n\t\t\t<div class=\"elementor-widget-wrap elementor-element-populated\">\n\t\t\t\t\t\t<div class=\"elementor-element elementor-element-8ffd3f0 gallery-spacing-custom elementor-widget elementor-widget-image-gallery\" data-id=\"8ffd3f0\" data-element_type=\"widget\" data-widget_type=\"image-gallery.default\">\n\t\t\t\t<div class=\"elementor-widget-container\">\n\t\t\t\t\t\t\t<div class=\"elementor-image-gallery\">\n\t\t\t\n\t\t\t<style type='text\/css'>\n\t\t\t\t#sc_gallery-1 {\n\t\t\t\t\tmargin: auto;\n\t\t\t\t}\n\t\t\t\t#sc_gallery-1 .gallery-item {\n\t\t\t\t\tfloat: left;\n\t\t\t\t\ttext-align: center;\n\t\t\t\t\twidth: 33.33%;\n\t\t\t\t}\n\t\t\t\t#sc_gallery-1 img {\n\t\t\t\t\tborder: 2px solid #cfcfcf;\n\t\t\t\t}\n\t\t\t\t\/* see sc_gallery() in functions\/theme-shortcodes.php *\/\n\t\t\t<\/style>\n\t\t<div id='sc_gallery-1' class='gallery galleryid-7398 gallery-columns-3 gallery-size-medium_large file gallery-default'><dl class='gallery-item'  data-title='WhatsApp Image 2026-08-23 at 5.36.54 PM (1)' data-description=''><div class='gallery-item-wrapper'>\n\t\t\t\t<dt class='gallery-icon landscape'>\n\t\t\t\t\t<a data-elementor-open-lightbox=\"yes\" data-elementor-lightbox-slideshow=\"8ffd3f0\" data-elementor-lightbox-title=\"WhatsApp Image 2026-08-23 at 5.36.54 PM (1)\" data-e-action-hash=\"#elementor-action%3Aaction%3Dlightbox%26settings%3DeyJpZCI6Nzg2OCwidXJsIjoiaHR0cHM6XC9cL2Fncm9lY29sb2dpY29zLWFtYXpvbmFzLmNvbVwvcHJveWVjdG8tZnVuZFwvd3AtY29udGVudFwvdXBsb2Fkc1wvMjAyNlwvMDhcL1doYXRzQXBwLUltYWdlLTIwMjYtMDgtMjMtYXQtNS4zNi41NC1QTS0xLmpwZWciLCJzbGlkZXNob3ciOiI4ZmZkM2YwIn0%3D\" href='https:\/\/agroecologicos-amazonas.com\/proyecto-fund\/wp-content\/uploads\/2026\/08\/WhatsApp-Image-2026-08-23-at-5.36.54-PM-1.jpeg'><img decoding=\"async\" width=\"768\" height=\"576\" src=\"https:\/\/agroecologicos-amazonas.com\/proyecto-fund\/wp-content\/uploads\/2026\/08\/WhatsApp-Image-2026-08-23-at-5.36.54-PM-1-768x576.jpeg\" class=\"attachment-medium_large size-medium_large\" alt=\"\" srcset=\"https:\/\/agroecologicos-amazonas.com\/proyecto-fund\/wp-content\/uploads\/2026\/08\/WhatsApp-Image-2026-08-23-at-5.36.54-PM-1-768x576.jpeg 768w, https:\/\/agroecologicos-amazonas.com\/proyecto-fund\/wp-content\/uploads\/2026\/08\/WhatsApp-Image-2026-08-23-at-5.36.54-PM-1-500x375.jpeg 500w, https:\/\/agroecologicos-amazonas.com\/proyecto-fund\/wp-content\/uploads\/2026\/08\/WhatsApp-Image-2026-08-23-at-5.36.54-PM-1-1200x900.jpeg 1200w, https:\/\/agroecologicos-amazonas.com\/proyecto-fund\/wp-content\/uploads\/2026\/08\/WhatsApp-Image-2026-08-23-at-5.36.54-PM-1-300x225.jpeg 300w, https:\/\/agroecologicos-amazonas.com\/proyecto-fund\/wp-content\/uploads\/2026\/08\/WhatsApp-Image-2026-08-23-at-5.36.54-PM-1-1536x1152.jpeg 1536w, https:\/\/agroecologicos-amazonas.com\/proyecto-fund\/wp-content\/uploads\/2026\/08\/WhatsApp-Image-2026-08-23-at-5.36.54-PM-1-100x75.jpeg 100w, https:\/\/agroecologicos-amazonas.com\/proyecto-fund\/wp-content\/uploads\/2026\/08\/WhatsApp-Image-2026-08-23-at-5.36.54-PM-1-960x720.jpeg 960w, https:\/\/agroecologicos-amazonas.com\/proyecto-fund\/wp-content\/uploads\/2026\/08\/WhatsApp-Image-2026-08-23-at-5.36.54-PM-1-480x360.jpeg 480w, https:\/\/agroecologicos-amazonas.com\/proyecto-fund\/wp-content\/uploads\/2026\/08\/WhatsApp-Image-2026-08-23-at-5.36.54-PM-1.jpeg 1600w\" sizes=\"(max-width:767px) 480px, (max-width:768px) 100vw, 768px\" \/><\/a>\n\t\t\t\t<\/dt><\/div><\/dl><dl class='gallery-item'  data-title='WhatsApp Image 2026-08-23 at 5.36.54 PM (8)' data-description=''><div class='gallery-item-wrapper'>\n\t\t\t\t<dt class='gallery-icon landscape'>\n\t\t\t\t\t<a data-elementor-open-lightbox=\"yes\" data-elementor-lightbox-slideshow=\"8ffd3f0\" data-elementor-lightbox-title=\"WhatsApp Image 2026-08-23 at 5.36.54 PM (8)\" data-e-action-hash=\"#elementor-action%3Aaction%3Dlightbox%26settings%3DeyJpZCI6Nzg2MSwidXJsIjoiaHR0cHM6XC9cL2Fncm9lY29sb2dpY29zLWFtYXpvbmFzLmNvbVwvcHJveWVjdG8tZnVuZFwvd3AtY29udGVudFwvdXBsb2Fkc1wvMjAyNlwvMDhcL1doYXRzQXBwLUltYWdlLTIwMjYtMDgtMjMtYXQtNS4zNi41NC1QTS04LmpwZWciLCJzbGlkZXNob3ciOiI4ZmZkM2YwIn0%3D\" href='https:\/\/agroecologicos-amazonas.com\/proyecto-fund\/wp-content\/uploads\/2026\/08\/WhatsApp-Image-2026-08-23-at-5.36.54-PM-8.jpeg'><img decoding=\"async\" width=\"768\" height=\"576\" src=\"https:\/\/agroecologicos-amazonas.com\/proyecto-fund\/wp-content\/uploads\/2026\/08\/WhatsApp-Image-2026-08-23-at-5.36.54-PM-8-768x576.jpeg\" class=\"attachment-medium_large size-medium_large\" alt=\"\" srcset=\"https:\/\/agroecologicos-amazonas.com\/proyecto-fund\/wp-content\/uploads\/2026\/08\/WhatsApp-Image-2026-08-23-at-5.36.54-PM-8-768x576.jpeg 768w, https:\/\/agroecologicos-amazonas.com\/proyecto-fund\/wp-content\/uploads\/2026\/08\/WhatsApp-Image-2026-08-23-at-5.36.54-PM-8-500x375.jpeg 500w, https:\/\/agroecologicos-amazonas.com\/proyecto-fund\/wp-content\/uploads\/2026\/08\/WhatsApp-Image-2026-08-23-at-5.36.54-PM-8-1200x900.jpeg 1200w, https:\/\/agroecologicos-amazonas.com\/proyecto-fund\/wp-content\/uploads\/2026\/08\/WhatsApp-Image-2026-08-23-at-5.36.54-PM-8-300x225.jpeg 300w, https:\/\/agroecologicos-amazonas.com\/proyecto-fund\/wp-content\/uploads\/2026\/08\/WhatsApp-Image-2026-08-23-at-5.36.54-PM-8-1536x1152.jpeg 1536w, https:\/\/agroecologicos-amazonas.com\/proyecto-fund\/wp-content\/uploads\/2026\/08\/WhatsApp-Image-2026-08-23-at-5.36.54-PM-8-100x75.jpeg 100w, https:\/\/agroecologicos-amazonas.com\/proyecto-fund\/wp-content\/uploads\/2026\/08\/WhatsApp-Image-2026-08-23-at-5.36.54-PM-8-960x720.jpeg 960w, https:\/\/agroecologicos-amazonas.com\/proyecto-fund\/wp-content\/uploads\/2026\/08\/WhatsApp-Image-2026-08-23-at-5.36.54-PM-8-480x360.jpeg 480w, https:\/\/agroecologicos-amazonas.com\/proyecto-fund\/wp-content\/uploads\/2026\/08\/WhatsApp-Image-2026-08-23-at-5.36.54-PM-8.jpeg 1600w\" sizes=\"(max-width:767px) 480px, (max-width:768px) 100vw, 768px\" \/><\/a>\n\t\t\t\t<\/dt><\/div><\/dl><dl class='gallery-item'  data-title='WhatsApp Image 2026-08-23 at 5.36.54 PM (7)' data-description=''><div class='gallery-item-wrapper'>\n\t\t\t\t<dt class='gallery-icon landscape'>\n\t\t\t\t\t<a data-elementor-open-lightbox=\"yes\" data-elementor-lightbox-slideshow=\"8ffd3f0\" data-elementor-lightbox-title=\"WhatsApp Image 2026-08-23 at 5.36.54 PM (7)\" data-e-action-hash=\"#elementor-action%3Aaction%3Dlightbox%26settings%3DeyJpZCI6Nzg2MiwidXJsIjoiaHR0cHM6XC9cL2Fncm9lY29sb2dpY29zLWFtYXpvbmFzLmNvbVwvcHJveWVjdG8tZnVuZFwvd3AtY29udGVudFwvdXBsb2Fkc1wvMjAyNlwvMDhcL1doYXRzQXBwLUltYWdlLTIwMjYtMDgtMjMtYXQtNS4zNi41NC1QTS03LmpwZWciLCJzbGlkZXNob3ciOiI4ZmZkM2YwIn0%3D\" href='https:\/\/agroecologicos-amazonas.com\/proyecto-fund\/wp-content\/uploads\/2026\/08\/WhatsApp-Image-2026-08-23-at-5.36.54-PM-7.jpeg'><img loading=\"lazy\" decoding=\"async\" width=\"768\" height=\"576\" src=\"https:\/\/agroecologicos-amazonas.com\/proyecto-fund\/wp-content\/uploads\/2026\/08\/WhatsApp-Image-2026-08-23-at-5.36.54-PM-7-768x576.jpeg\" class=\"attachment-medium_large size-medium_large\" alt=\"\" srcset=\"https:\/\/agroecologicos-amazonas.com\/proyecto-fund\/wp-content\/uploads\/2026\/08\/WhatsApp-Image-2026-08-23-at-5.36.54-PM-7-768x576.jpeg 768w, https:\/\/agroecologicos-amazonas.com\/proyecto-fund\/wp-content\/uploads\/2026\/08\/WhatsApp-Image-2026-08-23-at-5.36.54-PM-7-500x375.jpeg 500w, https:\/\/agroecologicos-amazonas.com\/proyecto-fund\/wp-content\/uploads\/2026\/08\/WhatsApp-Image-2026-08-23-at-5.36.54-PM-7-1200x900.jpeg 1200w, https:\/\/agroecologicos-amazonas.com\/proyecto-fund\/wp-content\/uploads\/2026\/08\/WhatsApp-Image-2026-08-23-at-5.36.54-PM-7-300x225.jpeg 300w, https:\/\/agroecologicos-amazonas.com\/proyecto-fund\/wp-content\/uploads\/2026\/08\/WhatsApp-Image-2026-08-23-at-5.36.54-PM-7-1536x1152.jpeg 1536w, https:\/\/agroecologicos-amazonas.com\/proyecto-fund\/wp-content\/uploads\/2026\/08\/WhatsApp-Image-2026-08-23-at-5.36.54-PM-7-100x75.jpeg 100w, https:\/\/agroecologicos-amazonas.com\/proyecto-fund\/wp-content\/uploads\/2026\/08\/WhatsApp-Image-2026-08-23-at-5.36.54-PM-7-960x720.jpeg 960w, https:\/\/agroecologicos-amazonas.com\/proyecto-fund\/wp-content\/uploads\/2026\/08\/WhatsApp-Image-2026-08-23-at-5.36.54-PM-7-480x360.jpeg 480w, https:\/\/agroecologicos-amazonas.com\/proyecto-fund\/wp-content\/uploads\/2026\/08\/WhatsApp-Image-2026-08-23-at-5.36.54-PM-7.jpeg 1600w\" sizes=\"(max-width:767px) 480px, (max-width:768px) 100vw, 768px\" \/><\/a>\n\t\t\t\t<\/dt><\/div><\/dl><br style=\"clear: both\" \/><dl class='gallery-item'  data-title='WhatsApp Image 2026-08-23 at 5.36.54 PM (4)' data-description=''><div class='gallery-item-wrapper'>\n\t\t\t\t<dt class='gallery-icon landscape'>\n\t\t\t\t\t<a data-elementor-open-lightbox=\"yes\" data-elementor-lightbox-slideshow=\"8ffd3f0\" data-elementor-lightbox-title=\"WhatsApp Image 2026-08-23 at 5.36.54 PM (4)\" data-e-action-hash=\"#elementor-action%3Aaction%3Dlightbox%26settings%3DeyJpZCI6Nzg2NSwidXJsIjoiaHR0cHM6XC9cL2Fncm9lY29sb2dpY29zLWFtYXpvbmFzLmNvbVwvcHJveWVjdG8tZnVuZFwvd3AtY29udGVudFwvdXBsb2Fkc1wvMjAyNlwvMDhcL1doYXRzQXBwLUltYWdlLTIwMjYtMDgtMjMtYXQtNS4zNi41NC1QTS00LmpwZWciLCJzbGlkZXNob3ciOiI4ZmZkM2YwIn0%3D\" href='https:\/\/agroecologicos-amazonas.com\/proyecto-fund\/wp-content\/uploads\/2026\/08\/WhatsApp-Image-2026-08-23-at-5.36.54-PM-4.jpeg'><img loading=\"lazy\" decoding=\"async\" width=\"768\" height=\"576\" src=\"https:\/\/agroecologicos-amazonas.com\/proyecto-fund\/wp-content\/uploads\/2026\/08\/WhatsApp-Image-2026-08-23-at-5.36.54-PM-4-768x576.jpeg\" class=\"attachment-medium_large size-medium_large\" alt=\"\" srcset=\"https:\/\/agroecologicos-amazonas.com\/proyecto-fund\/wp-content\/uploads\/2026\/08\/WhatsApp-Image-2026-08-23-at-5.36.54-PM-4-768x576.jpeg 768w, https:\/\/agroecologicos-amazonas.com\/proyecto-fund\/wp-content\/uploads\/2026\/08\/WhatsApp-Image-2026-08-23-at-5.36.54-PM-4-500x375.jpeg 500w, https:\/\/agroecologicos-amazonas.com\/proyecto-fund\/wp-content\/uploads\/2026\/08\/WhatsApp-Image-2026-08-23-at-5.36.54-PM-4-1200x900.jpeg 1200w, https:\/\/agroecologicos-amazonas.com\/proyecto-fund\/wp-content\/uploads\/2026\/08\/WhatsApp-Image-2026-08-23-at-5.36.54-PM-4-300x225.jpeg 300w, https:\/\/agroecologicos-amazonas.com\/proyecto-fund\/wp-content\/uploads\/2026\/08\/WhatsApp-Image-2026-08-23-at-5.36.54-PM-4-1536x1152.jpeg 1536w, https:\/\/agroecologicos-amazonas.com\/proyecto-fund\/wp-content\/uploads\/2026\/08\/WhatsApp-Image-2026-08-23-at-5.36.54-PM-4-100x75.jpeg 100w, https:\/\/agroecologicos-amazonas.com\/proyecto-fund\/wp-content\/uploads\/2026\/08\/WhatsApp-Image-2026-08-23-at-5.36.54-PM-4-960x720.jpeg 960w, https:\/\/agroecologicos-amazonas.com\/proyecto-fund\/wp-content\/uploads\/2026\/08\/WhatsApp-Image-2026-08-23-at-5.36.54-PM-4-480x360.jpeg 480w, https:\/\/agroecologicos-amazonas.com\/proyecto-fund\/wp-content\/uploads\/2026\/08\/WhatsApp-Image-2026-08-23-at-5.36.54-PM-4.jpeg 1600w\" sizes=\"(max-width:767px) 480px, (max-width:768px) 100vw, 768px\" \/><\/a>\n\t\t\t\t<\/dt><\/div><\/dl><dl class='gallery-item'  data-title='WhatsApp Image 2026-08-23 at 5.36.54 PM (3)' data-description=''><div class='gallery-item-wrapper'>\n\t\t\t\t<dt class='gallery-icon landscape'>\n\t\t\t\t\t<a data-elementor-open-lightbox=\"yes\" data-elementor-lightbox-slideshow=\"8ffd3f0\" data-elementor-lightbox-title=\"WhatsApp Image 2026-08-23 at 5.36.54 PM (3)\" data-e-action-hash=\"#elementor-action%3Aaction%3Dlightbox%26settings%3DeyJpZCI6Nzg2NiwidXJsIjoiaHR0cHM6XC9cL2Fncm9lY29sb2dpY29zLWFtYXpvbmFzLmNvbVwvcHJveWVjdG8tZnVuZFwvd3AtY29udGVudFwvdXBsb2Fkc1wvMjAyNlwvMDhcL1doYXRzQXBwLUltYWdlLTIwMjYtMDgtMjMtYXQtNS4zNi41NC1QTS0zLmpwZWciLCJzbGlkZXNob3ciOiI4ZmZkM2YwIn0%3D\" href='https:\/\/agroecologicos-amazonas.com\/proyecto-fund\/wp-content\/uploads\/2026\/08\/WhatsApp-Image-2026-08-23-at-5.36.54-PM-3.jpeg'><img loading=\"lazy\" decoding=\"async\" width=\"768\" height=\"576\" src=\"https:\/\/agroecologicos-amazonas.com\/proyecto-fund\/wp-content\/uploads\/2026\/08\/WhatsApp-Image-2026-08-23-at-5.36.54-PM-3-768x576.jpeg\" class=\"attachment-medium_large size-medium_large\" alt=\"\" srcset=\"https:\/\/agroecologicos-amazonas.com\/proyecto-fund\/wp-content\/uploads\/2026\/08\/WhatsApp-Image-2026-08-23-at-5.36.54-PM-3-768x576.jpeg 768w, https:\/\/agroecologicos-amazonas.com\/proyecto-fund\/wp-content\/uploads\/2026\/08\/WhatsApp-Image-2026-08-23-at-5.36.54-PM-3-500x375.jpeg 500w, https:\/\/agroecologicos-amazonas.com\/proyecto-fund\/wp-content\/uploads\/2026\/08\/WhatsApp-Image-2026-08-23-at-5.36.54-PM-3-1200x900.jpeg 1200w, https:\/\/agroecologicos-amazonas.com\/proyecto-fund\/wp-content\/uploads\/2026\/08\/WhatsApp-Image-2026-08-23-at-5.36.54-PM-3-300x225.jpeg 300w, https:\/\/agroecologicos-amazonas.com\/proyecto-fund\/wp-content\/uploads\/2026\/08\/WhatsApp-Image-2026-08-23-at-5.36.54-PM-3-1536x1152.jpeg 1536w, https:\/\/agroecologicos-amazonas.com\/proyecto-fund\/wp-content\/uploads\/2026\/08\/WhatsApp-Image-2026-08-23-at-5.36.54-PM-3-100x75.jpeg 100w, https:\/\/agroecologicos-amazonas.com\/proyecto-fund\/wp-content\/uploads\/2026\/08\/WhatsApp-Image-2026-08-23-at-5.36.54-PM-3-960x720.jpeg 960w, https:\/\/agroecologicos-amazonas.com\/proyecto-fund\/wp-content\/uploads\/2026\/08\/WhatsApp-Image-2026-08-23-at-5.36.54-PM-3-480x360.jpeg 480w, https:\/\/agroecologicos-amazonas.com\/proyecto-fund\/wp-content\/uploads\/2026\/08\/WhatsApp-Image-2026-08-23-at-5.36.54-PM-3.jpeg 1600w\" sizes=\"(max-width:767px) 480px, (max-width:768px) 100vw, 768px\" \/><\/a>\n\t\t\t\t<\/dt><\/div><\/dl><dl class='gallery-item'  data-title='WhatsApp Image 2026-08-23 at 5.36.54 PM (2)' data-description=''><div class='gallery-item-wrapper'>\n\t\t\t\t<dt class='gallery-icon landscape'>\n\t\t\t\t\t<a data-elementor-open-lightbox=\"yes\" data-elementor-lightbox-slideshow=\"8ffd3f0\" data-elementor-lightbox-title=\"WhatsApp Image 2026-08-23 at 5.36.54 PM (2)\" data-e-action-hash=\"#elementor-action%3Aaction%3Dlightbox%26settings%3DeyJpZCI6Nzg2NywidXJsIjoiaHR0cHM6XC9cL2Fncm9lY29sb2dpY29zLWFtYXpvbmFzLmNvbVwvcHJveWVjdG8tZnVuZFwvd3AtY29udGVudFwvdXBsb2Fkc1wvMjAyNlwvMDhcL1doYXRzQXBwLUltYWdlLTIwMjYtMDgtMjMtYXQtNS4zNi41NC1QTS0yLmpwZWciLCJzbGlkZXNob3ciOiI4ZmZkM2YwIn0%3D\" href='https:\/\/agroecologicos-amazonas.com\/proyecto-fund\/wp-content\/uploads\/2026\/08\/WhatsApp-Image-2026-08-23-at-5.36.54-PM-2.jpeg'><img loading=\"lazy\" decoding=\"async\" width=\"768\" height=\"576\" src=\"https:\/\/agroecologicos-amazonas.com\/proyecto-fund\/wp-content\/uploads\/2026\/08\/WhatsApp-Image-2026-08-23-at-5.36.54-PM-2-768x576.jpeg\" class=\"attachment-medium_large size-medium_large\" alt=\"\" srcset=\"https:\/\/agroecologicos-amazonas.com\/proyecto-fund\/wp-content\/uploads\/2026\/08\/WhatsApp-Image-2026-08-23-at-5.36.54-PM-2-768x576.jpeg 768w, https:\/\/agroecologicos-amazonas.com\/proyecto-fund\/wp-content\/uploads\/2026\/08\/WhatsApp-Image-2026-08-23-at-5.36.54-PM-2-500x375.jpeg 500w, https:\/\/agroecologicos-amazonas.com\/proyecto-fund\/wp-content\/uploads\/2026\/08\/WhatsApp-Image-2026-08-23-at-5.36.54-PM-2-1200x900.jpeg 1200w, https:\/\/agroecologicos-amazonas.com\/proyecto-fund\/wp-content\/uploads\/2026\/08\/WhatsApp-Image-2026-08-23-at-5.36.54-PM-2-300x225.jpeg 300w, https:\/\/agroecologicos-amazonas.com\/proyecto-fund\/wp-content\/uploads\/2026\/08\/WhatsApp-Image-2026-08-23-at-5.36.54-PM-2-1536x1152.jpeg 1536w, https:\/\/agroecologicos-amazonas.com\/proyecto-fund\/wp-content\/uploads\/2026\/08\/WhatsApp-Image-2026-08-23-at-5.36.54-PM-2-100x75.jpeg 100w, https:\/\/agroecologicos-amazonas.com\/proyecto-fund\/wp-content\/uploads\/2026\/08\/WhatsApp-Image-2026-08-23-at-5.36.54-PM-2-960x720.jpeg 960w, https:\/\/agroecologicos-amazonas.com\/proyecto-fund\/wp-content\/uploads\/2026\/08\/WhatsApp-Image-2026-08-23-at-5.36.54-PM-2-480x360.jpeg 480w, https:\/\/agroecologicos-amazonas.com\/proyecto-fund\/wp-content\/uploads\/2026\/08\/WhatsApp-Image-2026-08-23-at-5.36.54-PM-2.jpeg 1600w\" sizes=\"(max-width:767px) 480px, (max-width:768px) 100vw, 768px\" \/><\/a>\n\t\t\t\t<\/dt><\/div><\/dl><br style=\"clear: both\" \/><dl class='gallery-item'  data-title='WhatsApp Image 2026-08-23 at 5.36.54 PM (6)' data-description=''><div class='gallery-item-wrapper'>\n\t\t\t\t<dt class='gallery-icon landscape'>\n\t\t\t\t\t<a data-elementor-open-lightbox=\"yes\" data-elementor-lightbox-slideshow=\"8ffd3f0\" data-elementor-lightbox-title=\"WhatsApp Image 2026-08-23 at 5.36.54 PM (6)\" data-e-action-hash=\"#elementor-action%3Aaction%3Dlightbox%26settings%3DeyJpZCI6Nzg2MywidXJsIjoiaHR0cHM6XC9cL2Fncm9lY29sb2dpY29zLWFtYXpvbmFzLmNvbVwvcHJveWVjdG8tZnVuZFwvd3AtY29udGVudFwvdXBsb2Fkc1wvMjAyNlwvMDhcL1doYXRzQXBwLUltYWdlLTIwMjYtMDgtMjMtYXQtNS4zNi41NC1QTS02LmpwZWciLCJzbGlkZXNob3ciOiI4ZmZkM2YwIn0%3D\" href='https:\/\/agroecologicos-amazonas.com\/proyecto-fund\/wp-content\/uploads\/2026\/08\/WhatsApp-Image-2026-08-23-at-5.36.54-PM-6.jpeg'><img loading=\"lazy\" decoding=\"async\" width=\"768\" height=\"576\" src=\"https:\/\/agroecologicos-amazonas.com\/proyecto-fund\/wp-content\/uploads\/2026\/08\/WhatsApp-Image-2026-08-23-at-5.36.54-PM-6-768x576.jpeg\" class=\"attachment-medium_large size-medium_large\" alt=\"\" srcset=\"https:\/\/agroecologicos-amazonas.com\/proyecto-fund\/wp-content\/uploads\/2026\/08\/WhatsApp-Image-2026-08-23-at-5.36.54-PM-6-768x576.jpeg 768w, https:\/\/agroecologicos-amazonas.com\/proyecto-fund\/wp-content\/uploads\/2026\/08\/WhatsApp-Image-2026-08-23-at-5.36.54-PM-6-500x375.jpeg 500w, https:\/\/agroecologicos-amazonas.com\/proyecto-fund\/wp-content\/uploads\/2026\/08\/WhatsApp-Image-2026-08-23-at-5.36.54-PM-6-1200x900.jpeg 1200w, https:\/\/agroecologicos-amazonas.com\/proyecto-fund\/wp-content\/uploads\/2026\/08\/WhatsApp-Image-2026-08-23-at-5.36.54-PM-6-300x225.jpeg 300w, https:\/\/agroecologicos-amazonas.com\/proyecto-fund\/wp-content\/uploads\/2026\/08\/WhatsApp-Image-2026-08-23-at-5.36.54-PM-6-1536x1152.jpeg 1536w, https:\/\/agroecologicos-amazonas.com\/proyecto-fund\/wp-content\/uploads\/2026\/08\/WhatsApp-Image-2026-08-23-at-5.36.54-PM-6-100x75.jpeg 100w, https:\/\/agroecologicos-amazonas.com\/proyecto-fund\/wp-content\/uploads\/2026\/08\/WhatsApp-Image-2026-08-23-at-5.36.54-PM-6-960x720.jpeg 960w, https:\/\/agroecologicos-amazonas.com\/proyecto-fund\/wp-content\/uploads\/2026\/08\/WhatsApp-Image-2026-08-23-at-5.36.54-PM-6-480x360.jpeg 480w, https:\/\/agroecologicos-amazonas.com\/proyecto-fund\/wp-content\/uploads\/2026\/08\/WhatsApp-Image-2026-08-23-at-5.36.54-PM-6.jpeg 1600w\" sizes=\"(max-width:767px) 480px, (max-width:768px) 100vw, 768px\" \/><\/a>\n\t\t\t\t<\/dt><\/div><\/dl><dl class='gallery-item'  data-title='WhatsApp Image 2026-08-23 at 5.36.54 PM (5)' data-description=''><div class='gallery-item-wrapper'>\n\t\t\t\t<dt class='gallery-icon landscape'>\n\t\t\t\t\t<a data-elementor-open-lightbox=\"yes\" data-elementor-lightbox-slideshow=\"8ffd3f0\" data-elementor-lightbox-title=\"WhatsApp Image 2026-08-23 at 5.36.54 PM (5)\" data-e-action-hash=\"#elementor-action%3Aaction%3Dlightbox%26settings%3DeyJpZCI6Nzg2NCwidXJsIjoiaHR0cHM6XC9cL2Fncm9lY29sb2dpY29zLWFtYXpvbmFzLmNvbVwvcHJveWVjdG8tZnVuZFwvd3AtY29udGVudFwvdXBsb2Fkc1wvMjAyNlwvMDhcL1doYXRzQXBwLUltYWdlLTIwMjYtMDgtMjMtYXQtNS4zNi41NC1QTS01LmpwZWciLCJzbGlkZXNob3ciOiI4ZmZkM2YwIn0%3D\" href='https:\/\/agroecologicos-amazonas.com\/proyecto-fund\/wp-content\/uploads\/2026\/08\/WhatsApp-Image-2026-08-23-at-5.36.54-PM-5.jpeg'><img loading=\"lazy\" decoding=\"async\" width=\"768\" height=\"576\" src=\"https:\/\/agroecologicos-amazonas.com\/proyecto-fund\/wp-content\/uploads\/2026\/08\/WhatsApp-Image-2026-08-23-at-5.36.54-PM-5-768x576.jpeg\" class=\"attachment-medium_large size-medium_large\" alt=\"\" srcset=\"https:\/\/agroecologicos-amazonas.com\/proyecto-fund\/wp-content\/uploads\/2026\/08\/WhatsApp-Image-2026-08-23-at-5.36.54-PM-5-768x576.jpeg 768w, https:\/\/agroecologicos-amazonas.com\/proyecto-fund\/wp-content\/uploads\/2026\/08\/WhatsApp-Image-2026-08-23-at-5.36.54-PM-5-500x375.jpeg 500w, https:\/\/agroecologicos-amazonas.com\/proyecto-fund\/wp-content\/uploads\/2026\/08\/WhatsApp-Image-2026-08-23-at-5.36.54-PM-5-1200x900.jpeg 1200w, https:\/\/agroecologicos-amazonas.com\/proyecto-fund\/wp-content\/uploads\/2026\/08\/WhatsApp-Image-2026-08-23-at-5.36.54-PM-5-300x225.jpeg 300w, https:\/\/agroecologicos-amazonas.com\/proyecto-fund\/wp-content\/uploads\/2026\/08\/WhatsApp-Image-2026-08-23-at-5.36.54-PM-5-1536x1152.jpeg 1536w, https:\/\/agroecologicos-amazonas.com\/proyecto-fund\/wp-content\/uploads\/2026\/08\/WhatsApp-Image-2026-08-23-at-5.36.54-PM-5-100x75.jpeg 100w, https:\/\/agroecologicos-amazonas.com\/proyecto-fund\/wp-content\/uploads\/2026\/08\/WhatsApp-Image-2026-08-23-at-5.36.54-PM-5-960x720.jpeg 960w, https:\/\/agroecologicos-amazonas.com\/proyecto-fund\/wp-content\/uploads\/2026\/08\/WhatsApp-Image-2026-08-23-at-5.36.54-PM-5-480x360.jpeg 480w, https:\/\/agroecologicos-amazonas.com\/proyecto-fund\/wp-content\/uploads\/2026\/08\/WhatsApp-Image-2026-08-23-at-5.36.54-PM-5.jpeg 1600w\" sizes=\"(max-width:767px) 480px, (max-width:768px) 100vw, 768px\" \/><\/a>\n\t\t\t\t<\/dt><\/div><\/dl><dl class='gallery-item'  data-title='WhatsApp Image 2026-08-23 at 5.36.54 PM' data-description=''><div class='gallery-item-wrapper'>\n\t\t\t\t<dt class='gallery-icon landscape'>\n\t\t\t\t\t<a data-elementor-open-lightbox=\"yes\" data-elementor-lightbox-slideshow=\"8ffd3f0\" data-elementor-lightbox-title=\"WhatsApp Image 2026-08-23 at 5.36.54 PM\" data-e-action-hash=\"#elementor-action%3Aaction%3Dlightbox%26settings%3DeyJpZCI6Nzg2OSwidXJsIjoiaHR0cHM6XC9cL2Fncm9lY29sb2dpY29zLWFtYXpvbmFzLmNvbVwvcHJveWVjdG8tZnVuZFwvd3AtY29udGVudFwvdXBsb2Fkc1wvMjAyNlwvMDhcL1doYXRzQXBwLUltYWdlLTIwMjYtMDgtMjMtYXQtNS4zNi41NC1QTS5qcGVnIiwic2xpZGVzaG93IjoiOGZmZDNmMCJ9\" href='https:\/\/agroecologicos-amazonas.com\/proyecto-fund\/wp-content\/uploads\/2026\/08\/WhatsApp-Image-2026-08-23-at-5.36.54-PM.jpeg'><img loading=\"lazy\" decoding=\"async\" width=\"768\" height=\"576\" src=\"https:\/\/agroecologicos-amazonas.com\/proyecto-fund\/wp-content\/uploads\/2026\/08\/WhatsApp-Image-2026-08-23-at-5.36.54-PM-768x576.jpeg\" class=\"attachment-medium_large size-medium_large\" alt=\"\" srcset=\"https:\/\/agroecologicos-amazonas.com\/proyecto-fund\/wp-content\/uploads\/2026\/08\/WhatsApp-Image-2026-08-23-at-5.36.54-PM-768x576.jpeg 768w, https:\/\/agroecologicos-amazonas.com\/proyecto-fund\/wp-content\/uploads\/2026\/08\/WhatsApp-Image-2026-08-23-at-5.36.54-PM-500x375.jpeg 500w, https:\/\/agroecologicos-amazonas.com\/proyecto-fund\/wp-content\/uploads\/2026\/08\/WhatsApp-Image-2026-08-23-at-5.36.54-PM-1200x900.jpeg 1200w, https:\/\/agroecologicos-amazonas.com\/proyecto-fund\/wp-content\/uploads\/2026\/08\/WhatsApp-Image-2026-08-23-at-5.36.54-PM-300x225.jpeg 300w, https:\/\/agroecologicos-amazonas.com\/proyecto-fund\/wp-content\/uploads\/2026\/08\/WhatsApp-Image-2026-08-23-at-5.36.54-PM-1536x1152.jpeg 1536w, https:\/\/agroecologicos-amazonas.com\/proyecto-fund\/wp-content\/uploads\/2026\/08\/WhatsApp-Image-2026-08-23-at-5.36.54-PM-100x75.jpeg 100w, https:\/\/agroecologicos-amazonas.com\/proyecto-fund\/wp-content\/uploads\/2026\/08\/WhatsApp-Image-2026-08-23-at-5.36.54-PM-960x720.jpeg 960w, https:\/\/agroecologicos-amazonas.com\/proyecto-fund\/wp-content\/uploads\/2026\/08\/WhatsApp-Image-2026-08-23-at-5.36.54-PM-480x360.jpeg 480w, https:\/\/agroecologicos-amazonas.com\/proyecto-fund\/wp-content\/uploads\/2026\/08\/WhatsApp-Image-2026-08-23-at-5.36.54-PM.jpeg 1600w\" sizes=\"(max-width:767px) 480px, (max-width:768px) 100vw, 768px\" \/><\/a>\n\t\t\t\t<\/dt><\/div><\/dl><br style=\"clear: both\" \/><dl class='gallery-item'  data-title='taller Simbal 3' data-description=''><div class='gallery-item-wrapper'>\n\t\t\t\t<dt class='gallery-icon landscape'>\n\t\t\t\t\t<a data-elementor-open-lightbox=\"yes\" data-elementor-lightbox-slideshow=\"8ffd3f0\" data-elementor-lightbox-title=\"taller Simbal 3\" data-e-action-hash=\"#elementor-action%3Aaction%3Dlightbox%26settings%3DeyJpZCI6Nzg3MSwidXJsIjoiaHR0cHM6XC9cL2Fncm9lY29sb2dpY29zLWFtYXpvbmFzLmNvbVwvcHJveWVjdG8tZnVuZFwvd3AtY29udGVudFwvdXBsb2Fkc1wvMjAyNlwvMDhcL3RhbGxlci1TaW1iYWwtMy0uanBlZyIsInNsaWRlc2hvdyI6IjhmZmQzZjAifQ%3D%3D\" href='https:\/\/agroecologicos-amazonas.com\/proyecto-fund\/wp-content\/uploads\/2026\/08\/taller-Simbal-3-.jpeg'><img loading=\"lazy\" decoding=\"async\" width=\"768\" height=\"576\" src=\"https:\/\/agroecologicos-amazonas.com\/proyecto-fund\/wp-content\/uploads\/2026\/08\/taller-Simbal-3--768x576.jpeg\" class=\"attachment-medium_large size-medium_large\" alt=\"\" srcset=\"https:\/\/agroecologicos-amazonas.com\/proyecto-fund\/wp-content\/uploads\/2026\/08\/taller-Simbal-3--768x576.jpeg 768w, https:\/\/agroecologicos-amazonas.com\/proyecto-fund\/wp-content\/uploads\/2026\/08\/taller-Simbal-3--500x375.jpeg 500w, https:\/\/agroecologicos-amazonas.com\/proyecto-fund\/wp-content\/uploads\/2026\/08\/taller-Simbal-3--300x225.jpeg 300w, https:\/\/agroecologicos-amazonas.com\/proyecto-fund\/wp-content\/uploads\/2026\/08\/taller-Simbal-3--100x75.jpeg 100w, https:\/\/agroecologicos-amazonas.com\/proyecto-fund\/wp-content\/uploads\/2026\/08\/taller-Simbal-3--960x720.jpeg 960w, https:\/\/agroecologicos-amazonas.com\/proyecto-fund\/wp-content\/uploads\/2026\/08\/taller-Simbal-3--480x360.jpeg 480w, https:\/\/agroecologicos-amazonas.com\/proyecto-fund\/wp-content\/uploads\/2026\/08\/taller-Simbal-3-.jpeg 1040w\" sizes=\"(max-width:767px) 480px, (max-width:768px) 100vw, 768px\" \/><\/a>\n\t\t\t\t<\/dt><\/div><\/dl><dl class='gallery-item'  data-title='taller Simbal 4' data-description=''><div class='gallery-item-wrapper'>\n\t\t\t\t<dt class='gallery-icon landscape'>\n\t\t\t\t\t<a data-elementor-open-lightbox=\"yes\" data-elementor-lightbox-slideshow=\"8ffd3f0\" data-elementor-lightbox-title=\"taller Simbal 4\" data-e-action-hash=\"#elementor-action%3Aaction%3Dlightbox%26settings%3DeyJpZCI6Nzg3MiwidXJsIjoiaHR0cHM6XC9cL2Fncm9lY29sb2dpY29zLWFtYXpvbmFzLmNvbVwvcHJveWVjdG8tZnVuZFwvd3AtY29udGVudFwvdXBsb2Fkc1wvMjAyNlwvMDhcL3RhbGxlci1TaW1iYWwtNC0uanBlZyIsInNsaWRlc2hvdyI6IjhmZmQzZjAifQ%3D%3D\" href='https:\/\/agroecologicos-amazonas.com\/proyecto-fund\/wp-content\/uploads\/2026\/08\/taller-Simbal-4-.jpeg'><img loading=\"lazy\" decoding=\"async\" width=\"768\" height=\"576\" src=\"https:\/\/agroecologicos-amazonas.com\/proyecto-fund\/wp-content\/uploads\/2026\/08\/taller-Simbal-4--768x576.jpeg\" class=\"attachment-medium_large size-medium_large\" alt=\"\" srcset=\"https:\/\/agroecologicos-amazonas.com\/proyecto-fund\/wp-content\/uploads\/2026\/08\/taller-Simbal-4--768x576.jpeg 768w, https:\/\/agroecologicos-amazonas.com\/proyecto-fund\/wp-content\/uploads\/2026\/08\/taller-Simbal-4--500x375.jpeg 500w, https:\/\/agroecologicos-amazonas.com\/proyecto-fund\/wp-content\/uploads\/2026\/08\/taller-Simbal-4--300x225.jpeg 300w, https:\/\/agroecologicos-amazonas.com\/proyecto-fund\/wp-content\/uploads\/2026\/08\/taller-Simbal-4--100x75.jpeg 100w, https:\/\/agroecologicos-amazonas.com\/proyecto-fund\/wp-content\/uploads\/2026\/08\/taller-Simbal-4--960x720.jpeg 960w, https:\/\/agroecologicos-amazonas.com\/proyecto-fund\/wp-content\/uploads\/2026\/08\/taller-Simbal-4--480x360.jpeg 480w, https:\/\/agroecologicos-amazonas.com\/proyecto-fund\/wp-content\/uploads\/2026\/08\/taller-Simbal-4-.jpeg 1040w\" sizes=\"(max-width:767px) 480px, (max-width:768px) 100vw, 768px\" \/><\/a>\n\t\t\t\t<\/dt><\/div><\/dl><dl class='gallery-item'  data-title='Maracuya 1' data-description=''><div class='gallery-item-wrapper'>\n\t\t\t\t<dt class='gallery-icon landscape'>\n\t\t\t\t\t<a data-elementor-open-lightbox=\"yes\" data-elementor-lightbox-slideshow=\"8ffd3f0\" data-elementor-lightbox-title=\"Maracuya 1\" data-e-action-hash=\"#elementor-action%3Aaction%3Dlightbox%26settings%3DeyJpZCI6Nzg3MCwidXJsIjoiaHR0cHM6XC9cL2Fncm9lY29sb2dpY29zLWFtYXpvbmFzLmNvbVwvcHJveWVjdG8tZnVuZFwvd3AtY29udGVudFwvdXBsb2Fkc1wvMjAyNlwvMDhcL01hcmFjdXlhLTEuanBnIiwic2xpZGVzaG93IjoiOGZmZDNmMCJ9\" href='https:\/\/agroecologicos-amazonas.com\/proyecto-fund\/wp-content\/uploads\/2026\/08\/Maracuya-1.jpg'><img loading=\"lazy\" decoding=\"async\" width=\"768\" height=\"575\" src=\"https:\/\/agroecologicos-amazonas.com\/proyecto-fund\/wp-content\/uploads\/2026\/08\/Maracuya-1-768x575.jpg\" class=\"attachment-medium_large size-medium_large\" alt=\"\" srcset=\"https:\/\/agroecologicos-amazonas.com\/proyecto-fund\/wp-content\/uploads\/2026\/08\/Maracuya-1-768x575.jpg 768w, https:\/\/agroecologicos-amazonas.com\/proyecto-fund\/wp-content\/uploads\/2026\/08\/Maracuya-1-500x375.jpg 500w, https:\/\/agroecologicos-amazonas.com\/proyecto-fund\/wp-content\/uploads\/2026\/08\/Maracuya-1-300x225.jpg 300w, https:\/\/agroecologicos-amazonas.com\/proyecto-fund\/wp-content\/uploads\/2026\/08\/Maracuya-1-100x75.jpg 100w, https:\/\/agroecologicos-amazonas.com\/proyecto-fund\/wp-content\/uploads\/2026\/08\/Maracuya-1-480x360.jpg 480w, https:\/\/agroecologicos-amazonas.com\/proyecto-fund\/wp-content\/uploads\/2026\/08\/Maracuya-1.jpg 797w\" sizes=\"(max-width:767px) 480px, (max-width:768px) 100vw, 768px\" \/><\/a>\n\t\t\t\t<\/dt><\/div><\/dl><br style=\"clear: both\" \/><dl class='gallery-item'  data-title='maracuya 3' data-description=''><div class='gallery-item-wrapper'>\n\t\t\t\t<dt class='gallery-icon landscape'>\n\t\t\t\t\t<a data-elementor-open-lightbox=\"yes\" data-elementor-lightbox-slideshow=\"8ffd3f0\" data-elementor-lightbox-title=\"maracuya 3\" data-e-action-hash=\"#elementor-action%3Aaction%3Dlightbox%26settings%3DeyJpZCI6Nzg3NCwidXJsIjoiaHR0cHM6XC9cL2Fncm9lY29sb2dpY29zLWFtYXpvbmFzLmNvbVwvcHJveWVjdG8tZnVuZFwvd3AtY29udGVudFwvdXBsb2Fkc1wvMjAyNlwvMDhcL21hcmFjdXlhLTMuanBnIiwic2xpZGVzaG93IjoiOGZmZDNmMCJ9\" href='https:\/\/agroecologicos-amazonas.com\/proyecto-fund\/wp-content\/uploads\/2026\/08\/maracuya-3.jpg'><img loading=\"lazy\" decoding=\"async\" width=\"768\" height=\"512\" src=\"https:\/\/agroecologicos-amazonas.com\/proyecto-fund\/wp-content\/uploads\/2026\/08\/maracuya-3-768x512.jpg\" class=\"attachment-medium_large size-medium_large\" alt=\"\" srcset=\"https:\/\/agroecologicos-amazonas.com\/proyecto-fund\/wp-content\/uploads\/2026\/08\/maracuya-3-768x512.jpg 768w, https:\/\/agroecologicos-amazonas.com\/proyecto-fund\/wp-content\/uploads\/2026\/08\/maracuya-3-500x333.jpg 500w, https:\/\/agroecologicos-amazonas.com\/proyecto-fund\/wp-content\/uploads\/2026\/08\/maracuya-3-300x200.jpg 300w, https:\/\/agroecologicos-amazonas.com\/proyecto-fund\/wp-content\/uploads\/2026\/08\/maracuya-3-113x75.jpg 113w, https:\/\/agroecologicos-amazonas.com\/proyecto-fund\/wp-content\/uploads\/2026\/08\/maracuya-3-480x320.jpg 480w, https:\/\/agroecologicos-amazonas.com\/proyecto-fund\/wp-content\/uploads\/2026\/08\/maracuya-3.jpg 800w\" sizes=\"(max-width:767px) 480px, (max-width:768px) 100vw, 768px\" \/><\/a>\n\t\t\t\t<\/dt><\/div><\/dl><dl class='gallery-item'  data-title='taller Simbal 1' data-description=''><div class='gallery-item-wrapper'>\n\t\t\t\t<dt class='gallery-icon landscape'>\n\t\t\t\t\t<a data-elementor-open-lightbox=\"yes\" data-elementor-lightbox-slideshow=\"8ffd3f0\" data-elementor-lightbox-title=\"taller Simbal 1\" data-e-action-hash=\"#elementor-action%3Aaction%3Dlightbox%26settings%3DeyJpZCI6Nzg3MywidXJsIjoiaHR0cHM6XC9cL2Fncm9lY29sb2dpY29zLWFtYXpvbmFzLmNvbVwvcHJveWVjdG8tZnVuZFwvd3AtY29udGVudFwvdXBsb2Fkc1wvMjAyNlwvMDhcL3RhbGxlci1TaW1iYWwtMS5qcGVnIiwic2xpZGVzaG93IjoiOGZmZDNmMCJ9\" href='https:\/\/agroecologicos-amazonas.com\/proyecto-fund\/wp-content\/uploads\/2026\/08\/taller-Simbal-1.jpeg'><img loading=\"lazy\" decoding=\"async\" width=\"768\" height=\"432\" src=\"https:\/\/agroecologicos-amazonas.com\/proyecto-fund\/wp-content\/uploads\/2026\/08\/taller-Simbal-1-768x432.jpeg\" class=\"attachment-medium_large size-medium_large\" alt=\"\" srcset=\"https:\/\/agroecologicos-amazonas.com\/proyecto-fund\/wp-content\/uploads\/2026\/08\/taller-Simbal-1-768x432.jpeg 768w, https:\/\/agroecologicos-amazonas.com\/proyecto-fund\/wp-content\/uploads\/2026\/08\/taller-Simbal-1-500x281.jpeg 500w, https:\/\/agroecologicos-amazonas.com\/proyecto-fund\/wp-content\/uploads\/2026\/08\/taller-Simbal-1-300x169.jpeg 300w, https:\/\/agroecologicos-amazonas.com\/proyecto-fund\/wp-content\/uploads\/2026\/08\/taller-Simbal-1-133x75.jpeg 133w, https:\/\/agroecologicos-amazonas.com\/proyecto-fund\/wp-content\/uploads\/2026\/08\/taller-Simbal-1-480x270.jpeg 480w, https:\/\/agroecologicos-amazonas.com\/proyecto-fund\/wp-content\/uploads\/2026\/08\/taller-Simbal-1.jpeg 1032w\" sizes=\"(max-width:767px) 480px, (max-width:768px) 100vw, 768px\" \/><\/a>\n\t\t\t\t<\/dt><\/div><\/dl>\n\t\t\t\t<br style='clear: both' \/>\n\t\t\t<\/div>\n\t\t<\/div>\n\t\t\t\t\t\t<\/div>\n\t\t\t\t<\/div>\n\t\t\t\t\t<\/div>\n\t\t<\/div>\n\t\t\t\t\t<\/div>\n\t\t<\/section>\n\t\t\t\t<\/div>\n\t\t","protected":false},"excerpt":{"rendered":"<p>Actividades en la provincia Vir\u00fa &#8211; La Libertad \u00a0Se instal\u00f3 1 escuela de campo ECAs\u00a0 en Vir\u00fa con 5 organizaciones territoriales en la produccion de palto<span class=\"excerpt-hellip\"> [\u2026]<\/span><\/p>\n","protected":false},"author":2,"featured_media":0,"parent":0,"menu_order":0,"comment_status":"closed","ping_status":"closed","template":"","meta":{"footnotes":""},"class_list":["post-7398","page","type-page","status-publish","hentry"],"_links":{"self":[{"href":"https:\/\/agroecologicos-amazonas.com\/proyecto-fund\/wp-json\/wp\/v2\/pages\/7398","targetHints":{"allow":["GET"]}}],"collection":[{"href":"https:\/\/agroecologicos-amazonas.com\/proyecto-fund\/wp-json\/wp\/v2\/pages"}],"about":[{"href":"https:\/\/agroecologicos-amazonas.com\/proyecto-fund\/wp-json\/wp\/v2\/types\/page"}],"author":[{"embeddable":true,"href":"https:\/\/agroecologicos-amazonas.com\/proyecto-fund\/wp-json\/wp\/v2\/users\/2"}],"replies":[{"embeddable":true,"href":"https:\/\/agroecologicos-amazonas.com\/proyecto-fund\/wp-json\/wp\/v2\/comments?post=7398"}],"version-history":[{"count":23,"href":"https:\/\/agroecologicos-amazonas.com\/proyecto-fund\/wp-json\/wp\/v2\/pages\/7398\/revisions"}],"predecessor-version":[{"id":7893,"href":"https:\/\/agroecologicos-amazonas.com\/proyecto-fund\/wp-json\/wp\/v2\/pages\/7398\/revisions\/7893"}],"wp:attachment":[{"href":"https:\/\/agroecologicos-amazonas.com\/proyecto-fund\/wp-json\/wp\/v2\/media?parent=7398"}],"curies":[{"name":"wp","href":"https:\/\/api.w.org\/{rel}","templated":true}]}}